{"version":"1.0","provider_name":"Jornal Ultimos Acontecimentos","provider_url":"https:\/\/juacontecimentos.com.br\/site","author_name":"Reginaldo Ribeiro","author_url":"https:\/\/juacontecimentos.com.br\/site\/author\/reginaldo-ribeiro\/","title":"Prefeito Hugo Deleon comemora resultado da horta comunit\u00e1ria - Jornal Ultimos Acontecimentos","type":"rich","width":600,"height":338,"html":"<blockquote class=\"wp-embedded-content\" data-secret=\"uIXqvBwux8\"><a href=\"https:\/\/juacontecimentos.com.br\/site\/prefeito-hugo-deleon-comemora-resultado-da-horta-comunitaria\/\">Prefeito Hugo Deleon comemora resultado da horta comunit\u00e1ria<\/a><\/blockquote><iframe sandbox=\"allow-scripts\" security=\"restricted\" src=\"https:\/\/juacontecimentos.com.br\/site\/prefeito-hugo-deleon-comemora-resultado-da-horta-comunitaria\/embed\/#?secret=uIXqvBwux8\" width=\"600\" height=\"338\" title=\"&#8220;Prefeito Hugo Deleon comemora resultado da horta comunit\u00e1ria&#8221; &#8212; Jornal Ultimos Acontecimentos\" data-secret=\"uIXqvBwux8\" frameborder=\"0\" marginwidth=\"0\" marginheight=\"0\" scrolling=\"no\" class=\"wp-embedded-content\"><\/iframe><script type=\"text\/javascript\">\n\/* <![CDATA[ *\/\n\/*! This file is auto-generated *\/\n!function(d,l){\"use strict\";l.querySelector&&d.addEventListener&&\"undefined\"!=typeof URL&&(d.wp=d.wp||{},d.wp.receiveEmbedMessage||(d.wp.receiveEmbedMessage=function(e){var t=e.data;if((t||t.secret||t.message||t.value)&&!\/[^a-zA-Z0-9]\/.test(t.secret)){for(var s,r,n,a=l.querySelectorAll('iframe[data-secret=\"'+t.secret+'\"]'),o=l.querySelectorAll('blockquote[data-secret=\"'+t.secret+'\"]'),c=new RegExp(\"^https?:$\",\"i\"),i=0;i<o.length;i++)o[i].style.display=\"none\";for(i=0;i<a.length;i++)s=a[i],e.source===s.contentWindow&&(s.removeAttribute(\"style\"),\"height\"===t.message?(1e3<(r=parseInt(t.value,10))?r=1e3:~~r<200&&(r=200),s.height=r):\"link\"===t.message&&(r=new URL(s.getAttribute(\"src\")),n=new URL(t.value),c.test(n.protocol))&&n.host===r.host&&l.activeElement===s&&(d.top.location.href=t.value))}},d.addEventListener(\"message\",d.wp.receiveEmbedMessage,!1),l.addEventListener(\"DOMContentLoaded\",function(){for(var e,t,s=l.querySelectorAll(\"iframe.wp-embedded-content\"),r=0;r<s.length;r++)(t=(e=s[r]).getAttribute(\"data-secret\"))||(t=Math.random().toString(36).substring(2,12),e.src+=\"#?secret=\"+t,e.setAttribute(\"data-secret\",t)),e.contentWindow.postMessage({message:\"ready\",secret:t},\"*\")},!1)))}(window,document);\n\/* ]]> *\/\n<\/script>\n","thumbnail_url":"https:\/\/juacontecimentos.com.br\/site\/wp-content\/uploads\/2020\/06\/IMG-20200604-WA0017.jpg","thumbnail_width":1280,"thumbnail_height":853,"description":"A horta comunit\u00e1ria, criada pra atender as fam\u00edlias carentes do nosso munic\u00edpio nesse momento de crise!!! Hoje tamb\u00e9m foi dia de receber 50 cestas doadas pela Funda\u00e7\u00e3o Banco do Brasil. Al\u00e9m desses, essa semana tamb\u00e9m foram distribu\u00eddas, pelo segundo m\u00eas, as cestas complementares para as crian\u00e7as que est\u00e3o fora das escolas. Parab\u00e9ns Alexandra e equipe"}